{"id":8927,"date":"2020-06-01T16:37:27","date_gmt":"2020-06-01T16:37:27","guid":{"rendered":"https:\/\/cafecrem.com\/politica-de-privacidad-redes-sociales-2\/"},"modified":"2023-09-05T07:43:35","modified_gmt":"2023-09-05T07:43:35","slug":"politica-de-privacidad-redes-sociales","status":"publish","type":"page","link":"https:\/\/cafecrem.com\/en\/politica-de-privacidad-redes-sociales\/","title":{"rendered":"Pol\u00edtica de Privacidad Redes Sociales"},"content":{"rendered":"<div class=\"wpb-content-wrapper\"><div class=\"vc_row wpb_row vc_row-fluid vc_custom_1452795548277 \">\n<div class=\"vc_span12 wpb_column vc_column_container \">\n<div class=\"vc_column-inner \">\n<div class=\"wpb_wrapper\">\n<div class=\"wpb_text_column wpb_content_element ct_dyrkvg1q0a7h5sqs4d4z\">\n<div class=\"wpb_wrapper\">\n<h3><b>Introducci\u00f3n<\/b><\/h3>\n<ul>\n<li>En cumplimiento de la Ley Org\u00e1nica 15\/1999, de 13 de diciembre, de Protecci\u00f3n de Datos de Car\u00e1cter Personal (LOPD) y la Ley 34\/2002, de 11 de junio, de Servicios de la Sociedad de la Informaci\u00f3n y de Comercio Electr\u00f3nico (LSSI-CE), CAF\u00c9 CREM i GRUP DE DISTRIBUCI\u00d3 COSTA BRAVA SA informa a los usuarios, que ha procedido a crear una p\u00e1gina en las Redes Sociales Twitter y Facebook con la finalidad principal de publicitar sus productos y Servicios. Datos de GRUP DE DISTRIBUCI\u00d3 COSTA BRAVA SA;\n<ul>\n<li>GRUP DE DISTRIBUCI\u00d3 COSTA BRAVA SA<\/li>\n<li>A17435827<\/li>\n<li>Pol. Industr. Bosc de Can Cuca. C\/ Tallers, 18<\/li>\n<li>17410-SILS \u2013 GERONA<\/li>\n<li><a href=\"mailto:info@cafecrem.com\">info@cafecrem.com<\/a><\/li>\n<li><a href=\"https:\/\/www.cafecrem.com\">www.cafecrem.com<\/a><\/li>\n<\/ul>\n<\/li>\n<\/ul>\n<p>El usuario dispone de un perfil en la misma Red Social y ha decidido unirse a la p\u00e1gina creada por CAF\u00c9 CREM mostrando as\u00ed inter\u00e9s en la informaci\u00f3n que se publicite en la red. Al unirse a nuestra p\u00e1gina, nos facilita su consentimiento para el tratamiento de aquellos datos personales publicados en su perfil. El usuario puede acceder en todo momento a las pol\u00edticas de privacidad en la propia Red Social, as\u00ed como configurar su perfil para garantizar su privacidad. CAF\u00c9 CREM tiene acceso y trata aquella informaci\u00f3n p\u00fablica del usuario, en especial, su nombre de contacto. Estos datos, s\u00f3lo son utilizados dentro de la propia Red Social. No son incorporados a ning\u00fan fichero. En relaci\u00f3n a los derechos de acceso, rectificaci\u00f3n, cancelaci\u00f3n y oposici\u00f3n, de los que usted dispone y pueden ser ejercitados ante CAF\u00c9 CREM de acuerdo con la LOPD, debe tener en cuenta los siguientes matices;<\/p>\n<ul>\n<li>Acceso: Vendr\u00e1 definido por la funcionalidad de la Red Social y la capacidad de acceso a la informaci\u00f3n de los perfiles de los usuarios.<\/li>\n<li>Rectificaci\u00f3n: s\u00f3lo podr\u00e1 satisfacerse en relaci\u00f3n a aquella informaci\u00f3n que se encuentre bajo el control de CAF\u00c9 CREM, por ejemplo eliminar comentarios publicados en la propia p\u00e1gina. Normalmente, este derecho deber\u00e1 ejercerlo ante la Red Social.<\/li>\n<li>Cancelaci\u00f3n y\/o Oposici\u00f3n: como en el caso anterior, s\u00f3lo podr\u00e1 satisfacerse en relaci\u00f3n a aquella informaci\u00f3n que se encuentre bajo el control de CAF\u00c9 CREM, por ejemplo, dejar de estar unido al perfil.<\/li>\n<\/ul>\n<p>Caf\u00e9 Crem, realizar\u00e1 las siguientes actuaciones;<\/p>\n<ul>\n<li>Acceso a la informaci\u00f3n p\u00fablica del perfil.<\/li>\n<li>Publicaci\u00f3n en el perfil del usuario de toda aquella informaci\u00f3n a publicitada en la p\u00e1gina de CAF\u00c9 CREM.<\/li>\n<li>Enviar mensajes personales e individuales a trav\u00e9s de los canales de la Red Social.<\/li>\n<li>Actualizaciones del estado de la p\u00e1gina que se publicaran en el perfil del usuario.<\/li>\n<\/ul>\n<p>El usuario siempre puede controlar sus conexiones, eliminar los contenidos que se dejen de interesarle y restringir con qui\u00e9n comparte sus conexiones, para ello deber\u00e1 acceder a su configuraci\u00f3n privada.<\/p>\n<h3><b>Publicaciones<\/b><\/h3>\n<p>El usuario, una vez unido a la p\u00e1gina de Caf\u00e9 Crem, podr\u00e1 publicar en \u00e9sta \u00faltima comentarios, enlaces, im\u00e1genes o fotograf\u00edas o cualquier otro tipo de contenido multimedia soportado por la Red Social. El usuario, en todos los casos, debe ser el titular de los mismos, gozar de los derechos de autor y de propiedad intelectual o contar con el consentimiento de los terceros afectados. Se proh\u00edbe expresamente cualquier publicaci\u00f3n en la p\u00e1gina, ya sean textos, gr\u00e1ficos, fotograf\u00edas, v\u00eddeos, etc. Que atenten o sean susceptibles a de atentar contra lo moral, la \u00e9tica, el buen gusto o el decoro, ni que infrinjan, violen o conculquen los derechos de propiedad intelectual o industrial, el derecho a la imagen o a la Ley. En estos casos, CAF\u00c9 CREM se reserva el derecho a retirar de inmediato el contenido, pudiendo solicitar el bloqueo permanente del usuario. CAF\u00c9 CREM no se har\u00e1 responsable de los contenidos que libremente ha publicado un usuario. El usuario debe tener presente que sus publicaciones ser\u00e1n conocidas por los otros usuarios, por lo que \u00e9l mismo es el principal responsable de su privacidad. Las im\u00e1genes que puedan publicarse en la p\u00e1gina no ser\u00e1n almacenadas en ning\u00fan fichero por parte de CAF\u00c9 CREM pero s\u00ed que se permanecer\u00e1n en la Red Social.<\/p>\n<h3><b>Concursos y promociones<\/b><\/h3>\n<p>CAF\u00c9 CREM se reserva el derecho a realizar concursos y promociones, en los que podr\u00e1 participar el usuario unido a su p\u00e1gina. Las bases de cada uno de ellos, cuando se utilice para ello la plataforma de la Red Social., ser\u00e1n publicadas en la misma. Cumpliendo siempre con la LSSI-CE y con cualquier otra norma que le sea de aplicaci\u00f3n. La Red Social no patrocina, avala ni administra, de modo alguno, ninguna de nuestras promociones, ni est\u00e1 asociada a ninguna de ellas.<\/p>\n<h3><b>Publicidad <\/b><\/h3>\n<p>CAF\u00c9 CREM utilizar\u00e1 la Red Social para publicitar sus productos y servicios, en todo caso, si decide tratar sus datos de contacto para realizar acciones directas de prospecci\u00f3n comercial, ser\u00e1 siempre, cumpliendo con las exigencias legales de la LOPD y de la LSSI-CE. No se considerar\u00e1 publicidad el hecho de recomendar a otros usuarios la p\u00e1gina de CAF\u00c9 CREM para que tambi\u00e9n ellos puedan disfrutar de las promociones o estar informados de su actividad. A continuaci\u00f3n detallamos el enlace a la pol\u00edtica de privacidad de las Redes Sociales:<\/p>\n<ul>\n<li>Facebook: <a href=\"https:\/\/www.facebook.com\/help\/323540651073243\">https:\/\/www.facebook.com\/help\/323540651073243<\/a><\/li>\n<li>Twitter: <a href=\"https:\/\/twitter.com\/privacy\">https:\/\/twitter.com\/privacy<\/a><\/li>\n<\/ul>\n<\/div>\n<\/div>\n<\/div>\n<\/div>\n<\/div>\n<\/div>\n<\/div>","protected":false},"excerpt":{"rendered":"<p>Introducci\u00f3n En cumplimiento de la Ley Org\u00e1nica 15\/1999, de 13 de diciembre, de Protecci\u00f3n de Datos de Car\u00e1cter Personal (LOPD) y la Ley 34\/2002, de 11 de junio, de Servicios de la Sociedad de la Informaci\u00f3n y de Comercio Electr\u00f3nico (LSSI-CE), CAF\u00c9 CREM i GRUP DE DISTRIBUCI\u00d3 COSTA BRAVA SA informa a los usuarios, que [&hellip;]<\/p>\n","protected":false},"author":1,"featured_media":0,"parent":0,"menu_order":0,"comment_status":"closed","ping_status":"closed","template":"","meta":{"inline_featured_image":false,"footnotes":""},"class_list":["post-8927","page","type-page","status-publish","hentry"],"_links":{"self":[{"href":"https:\/\/cafecrem.com\/en\/wp-json\/wp\/v2\/pages\/8927","targetHints":{"allow":["GET"]}}],"collection":[{"href":"https:\/\/cafecrem.com\/en\/wp-json\/wp\/v2\/pages"}],"about":[{"href":"https:\/\/cafecrem.com\/en\/wp-json\/wp\/v2\/types\/page"}],"author":[{"embeddable":true,"href":"https:\/\/cafecrem.com\/en\/wp-json\/wp\/v2\/users\/1"}],"replies":[{"embeddable":true,"href":"https:\/\/cafecrem.com\/en\/wp-json\/wp\/v2\/comments?post=8927"}],"version-history":[{"count":1,"href":"https:\/\/cafecrem.com\/en\/wp-json\/wp\/v2\/pages\/8927\/revisions"}],"predecessor-version":[{"id":8929,"href":"https:\/\/cafecrem.com\/en\/wp-json\/wp\/v2\/pages\/8927\/revisions\/8929"}],"wp:attachment":[{"href":"https:\/\/cafecrem.com\/en\/wp-json\/wp\/v2\/media?parent=8927"}],"curies":[{"name":"wp","href":"https:\/\/api.w.org\/{rel}","templated":true}]}}