{"id":11265,"date":"2020-02-17T16:37:35","date_gmt":"2020-02-17T16:37:35","guid":{"rendered":"https:\/\/cafecrem.shortcode.es\/we\/"},"modified":"2025-02-28T15:16:32","modified_gmt":"2025-02-28T15:16:32","slug":"we","status":"publish","type":"page","link":"https:\/\/cafecrem.com\/en\/we\/","title":{"rendered":"We"},"content":{"rendered":"<div class=\"wpb-content-wrapper\">[vc_row css=&#8221;.vc_custom_1740755779814{margin-top: -90px !important;}&#8221;][vc_column css=&#8221;.vc_custom_1740755789990{margin-top: -100px !important;}&#8221;]\n\t\t\t<!-- START Nosotros_Eng REVOLUTION SLIDER 6.7.41 --><p class=\"rs-p-wp-fix\"><\/p>\n\t\t\t<rs-module-wrap id=\"rev_slider_21_1_wrapper\" data-source=\"gallery\" style=\"visibility:hidden;background:transparent;padding:0;\">\n\t\t\t\t<rs-module id=\"rev_slider_21_1\" style=\"\" data-version=\"6.7.41\">\n\t\t\t\t\t<rs-slides style=\"overflow: hidden; position: absolute;\">\n\t\t\t\t\t\t<rs-slide style=\"position: absolute;\" data-key=\"rs-34\" data-title=\"Slide\" data-anim=\"adpr:false;\" data-in=\"o:0;\" data-out=\"a:false;\">\n\t\t\t\t\t\t\t<img decoding=\"async\" src=\"\/\/cafecrem.com\/wp-content\/plugins\/revslider\/sr6\/assets\/assets\/dummy.png\" alt=\"\" title=\"portadahome\" width=\"1920\" height=\"970\" class=\"rev-slidebg tp-rs-img rs-lazyload\" data-lazyload=\"\/\/cafecrem.com\/wp-content\/uploads\/2020\/02\/portadahome.jpg\" data-bg=\"p:center top;\" data-no-retina>\n<!--\n\t\t\t\t\t\t\t--><rs-layer\n\t\t\t\t\t\t\t\tid=\"slider-21-slide-34-layer-1\" \n\t\t\t\t\t\t\t\tdata-type=\"text\"\n\t\t\t\t\t\t\t\tdata-color=\"#ffffff\"\n\t\t\t\t\t\t\t\tdata-rsp_ch=\"on\"\n\t\t\t\t\t\t\t\tdata-xy=\"x:c;y:c;\"\n\t\t\t\t\t\t\t\tdata-text=\"s:80;l:80;a:center;\"\n\t\t\t\t\t\t\t\tdata-frame_1=\"st:1000;sp:1500;sR:1000;\"\n\t\t\t\t\t\t\t\tdata-frame_999=\"o:0;st:w;sR:6500;\"\n\t\t\t\t\t\t\t\tstyle=\"z-index:5;font-family:'Montserrat';\"\n\t\t\t\t\t\t\t>THE SECRET<br>THE BEST COFFEE. \n\t\t\t\t\t\t\t<\/rs-layer><!--\n\n\t\t\t\t\t\t\t--><rs-layer\n\t\t\t\t\t\t\t\tid=\"slider-21-slide-34-layer-11\" \n\t\t\t\t\t\t\t\tclass=\"rs-svg\"\n\t\t\t\t\t\t\t\tdata-type=\"svg\"\n\t\t\t\t\t\t\t\tdata-color=\"#ffffff\"\n\t\t\t\t\t\t\t\tdata-rsp_ch=\"on\"\n\t\t\t\t\t\t\t\tdata-xy=\"x:c;y:b;yo:34px;\"\n\t\t\t\t\t\t\t\tdata-text=\"fw:100;a:inherit;\"\n\t\t\t\t\t\t\t\tdata-dim=\"w:36px;h:36px;\"\n\t\t\t\t\t\t\t\tdata-svg_src=\"\/\/cafecrem.shortcode.es\/nuevaweb\/wp-content\/plugins\/revslider\/public\/assets\/assets\/svg\/hardware\/ic_keyboard_arrow_down_24px.svg\"\n\t\t\t\t\t\t\t\tdata-frame_999=\"o:0;st:w;sR:8700;\"\n\t\t\t\t\t\t\t\tdata-loop_0=\"y:5;\"\n\t\t\t\t\t\t\t\tdata-loop_999=\"y:-5;sp:4000;yym:t;yys:t;yyf:t;\"\n\t\t\t\t\t\t\t\tstyle=\"z-index:12;font-family:'Roboto';\"\n\t\t\t\t\t\t\t> \n\t\t\t\t\t\t\t<\/rs-layer><!--\n-->\t\t\t\t\t<\/rs-slide>\n\t\t\t\t\t<\/rs-slides>\n\t\t\t\t<\/rs-module>\n\t\t\t\t<script>\n\t\t\t\t\tsetREVStartSize({c: 'rev_slider_21_1',rl:[1240,1024,778,480],el:[868],gw:[1340],gh:[868],type:'hero',justify:'',layout:'fullscreen',offsetContainer:'',offset:'',mh:\"0\"});if (window.RS_MODULES!==undefined && window.RS_MODULES.modules!==undefined && window.RS_MODULES.modules[\"revslider211\"]!==undefined) {window.RS_MODULES.modules[\"revslider211\"].once = false;window.revapi21 = undefined;if (window.RS_MODULES.checkMinimal!==undefined) window.RS_MODULES.checkMinimal()}\n\t\t\t\t<\/script>\n\t\t\t<\/rs-module-wrap>\n\t\t\t<!-- END REVOLUTION SLIDER -->\n[\/vc_column][\/vc_row][vc_row][vc_column][vc_empty_space height=&#8221;60px&#8221;][\/vc_column][\/vc_row][vc_row][vc_column][vc_column_text css=&#8221;.vc_custom_1591359830309{margin-bottom: 0px !important;}&#8221;]\n<h2 style=\"text-align: left;\"><strong>What is the secret of Caf\u00e9 Crem?<\/strong><\/h2>\n[\/vc_column_text][\/vc_column][\/vc_row][vc_row][vc_column][vc_empty_space height=&#8221;40px&#8221;][\/vc_column][\/vc_row][vc_row][vc_column width=&#8221;1\/2&#8243;][vc_column_text css=&#8221;.vc_custom_1591359710177{margin-bottom: 0px !important;}&#8221;]\n<p style=\"text-align: justify;\"><strong>The selection of coffee from the farms of origin.<\/strong><\/p>\n<p>While other brands buy green coffee from intermediaries or, at most, at the shipping ports in the countries of origin, Caf\u00e9 Crem decided to undertake the \u2018adventure\u2019 of travelling to the coffee farms to directly control their harvests, harvesting and processes.<\/p>\n<p>No other brand can boast such a deep and close knowledge of the raw materials used as Caf\u00e9 Crem.<\/p>\n<p>We have achieved full traceability of our product.[\/vc_column_text][\/vc_column][vc_column width=&#8221;1\/2&#8243;][vc_single_image image=&#8221;158&#8243; img_size=&#8221;full&#8221; css_animation=&#8221;fadeInRight&#8221;][\/vc_column][\/vc_row][vc_row][vc_column width=&#8221;1\/2&#8243;][vc_single_image image=&#8221;225&#8243; img_size=&#8221;full&#8221; css_animation=&#8221;fadeInRight&#8221;][\/vc_column][vc_column width=&#8221;1\/2&#8243;][vc_column_text css=&#8221;.vc_custom_1591359764353{margin-bottom: 0px !important;}&#8221;]<strong>Traceability: essential to guarantee the quality of the product.<\/strong><\/p>\n<p>And not content with that, at the beginning of 2015 we started to cultivate our own farms. These farms now cover an area of approximately 250 hectares, where the majority of the company&#8217;s most prestigious coffee, Caf\u00e9 Mieludo, is produced. This coffee is produced using a unique method, patented worldwide, which has led us to obtain one of the highest scores from the Spanish Coffee Institute and the qualification of speciality coffee.[\/vc_column_text][\/vc_column][\/vc_row][vc_row][vc_column][vc_empty_space height=&#8221;60px&#8221;][\/vc_column][\/vc_row][vc_row][vc_column][vc_column_text css=&#8221;.vc_custom_1586459125345{margin-bottom: 0px !important;}&#8221;]\n<h2>History<\/h2>\n[\/vc_column_text][\/vc_column][\/vc_row][vc_row][vc_column][vc_empty_space height=&#8221;30px&#8221;][\/vc_column][\/vc_row][vc_row][vc_column][vc_column_text css=&#8221;.vc_custom_1588003566106{margin-bottom: 0px !important;}&#8221;]\n<div class=\"wpb_text_column wpb_content_element ct_rc6sih37o9ii9m38q6g1\">\n<div class=\"wpb_wrapper\">\n<p style=\"text-align: left;\"><strong>Crem Coffee<\/strong> is one of the country&#8217;s historic roasters. In 1950, it started its activity in <strong>Barcelona<\/strong>, and since then it has never stopped producing coffee of the highest quality. Today it belongs to the Grup de Distribuci\u00f3 Costa Brava, based in Sils. (<strong>Girona<\/strong>).<\/p>\n<p style=\"text-align: left;\"><strong>Grup Distribuci\u00f3 Costa Brava<\/strong> was born in 1988, when a group of leading beverage distribution companies in the <strong>Horeca channel<\/strong> joined together to make their purchases jointly. In 1991, from this union, <strong>Grup de Compres Costa Brava A.E.I.<\/strong> was born, the seed of the current group, which has one of the most important distribution infrastructures in the channel, with 37 distribution centers in Spain.<\/p>\n<\/div>\n<\/div>\n[\/vc_column_text][\/vc_column][\/vc_row][vc_row][vc_column width=&#8221;2\/12&#8243;][\/vc_column][vc_column width=&#8221;2\/12&#8243;][vc_single_image image=&#8221;227&#8243; img_size=&#8221;full&#8221; alignment=&#8221;center&#8221;][\/vc_column][vc_column width=&#8221;2\/12&#8243;][vc_single_image image=&#8221;228&#8243; img_size=&#8221;full&#8221; alignment=&#8221;center&#8221;][\/vc_column][vc_column width=&#8221;2\/12&#8243;][vc_single_image image=&#8221;229&#8243; img_size=&#8221;full&#8221; alignment=&#8221;center&#8221;][\/vc_column][vc_column width=&#8221;2\/12&#8243;][vc_single_image image=&#8221;230&#8243; img_size=&#8221;full&#8221; alignment=&#8221;center&#8221;][\/vc_column][vc_column width=&#8221;2\/12&#8243;][\/vc_column][\/vc_row][vc_row][vc_column][vc_empty_space height=&#8221;60px&#8221;][\/vc_column][\/vc_row][vc_row][vc_column][vc_column_text css=&#8221;.vc_custom_1591737254039{margin-bottom: 0px !important;}&#8221;]\t\t\t<!-- Cool Timeline Free V3.3.1 -->\n\t\t\t<div class=\"ctl-wrapper\" role=\"region\" aria-label=\"Timeline\">\n\t\t\t\t<div class=\"ctl-before-content\"><div class=\"timeline-main-title\"><h1>Cronolog\u00eda<\/h1><\/div><\/div>\t\t\t\t<div id=\"cool_timeline_1\" class=\"cool-timeline-wrapper ctl-both-sided ctl-vertical-wrapper ctl-clean-skin\" >\n\t\t\t\t\t<div class=\"ctl-start\"><\/div>\n\t\t\t\t\t<!-- Timeline Container -->\n\t\t\t\t\t<div class=\"ctl-timeline ctl-timeline-container\" data-animation=\"fade-up\">\n\t\t\t\t\t\t<!-- Center Line -->\n\t\t\t\t\t\t<div class=\"ctl-inner-line\" role=\"presentation\"><\/div>\n\t\t\t\t\t\t\t\t\t\t\t\t<!-- Story Year Section --><div data-cls=\"sc-nv-light vertical\" class=\"timeline-year scrollable-section ctl-year ctl-year-container light-year\" data-section-title=\"1950\" id=\"year-1950\"><div class=\"ctl-year-label ctl-year-text\"><span>1950<\/span><\/div><\/div><!-- Timeline Content --><div  id=\"ctl-story-127\" class=\"ctl-story ctl-story-dot-icon odd ctl-story-right\" data-aos=\"fade-up\"   data-story-index=\"1\" role=\"article\"><!-- Story Date --><div class=\"ctl-labels\"><div class=\"ctl-label-big story-date\">1950<\/div><\/div><!-- Story IconDot --><div class=\"ctl-icondot\"><\/div> <!-- Story Content --><div class=\"ctl-content\"><!-- Story Title --><div class=\"ctl-title story-127\" aria-label=\"2\"><a target=\"_self\" title=\"1950\" href=\"https:\/\/cafecrem.com\/en\/cool_timeline\/1950\/\" class=\"story-link\">1950<\/a><\/div><!-- Story Description --><div class=\"ctl-description\"><p>Se crea Caf\u00e9 Crem<\/p>\n<\/div><\/div><\/div><!-- Story Year Section --><div data-cls=\"sc-nv-light vertical\" class=\"timeline-year scrollable-section ctl-year ctl-year-container light-year\" data-section-title=\"1969\" id=\"year-1969\"><div class=\"ctl-year-label ctl-year-text\"><span>1969<\/span><\/div><\/div><!-- Timeline Content --><div  id=\"ctl-story-234\" class=\"ctl-story ctl-story-dot-icon even ctl-story-left\" data-aos=\"fade-up\"   data-story-index=\"2\" role=\"article\"><!-- Story Date --><div class=\"ctl-labels\"><div class=\"ctl-label-big story-date\">1969<\/div><\/div><!-- Story IconDot --><div class=\"ctl-icondot\"><\/div> <!-- Story Content --><div class=\"ctl-content\"><!-- Story Title --><div class=\"ctl-title story-234\" aria-label=\"2\"><a target=\"_self\" title=\"1969\" href=\"https:\/\/cafecrem.com\/en\/cool_timeline\/1969\/\" class=\"story-link\">1969<\/a><\/div><!-- Story Description --><div class=\"ctl-description\"><p>Construcci\u00f3n del primer tostadero en Barcelona<\/p>\n<\/div><\/div><\/div><!-- Story Year Section --><div data-cls=\"sc-nv-light vertical\" class=\"timeline-year scrollable-section ctl-year ctl-year-container light-year\" data-section-title=\"1980\" id=\"year-1980\"><div class=\"ctl-year-label ctl-year-text\"><span>1980<\/span><\/div><\/div><!-- Timeline Content --><div  id=\"ctl-story-235\" class=\"ctl-story ctl-story-dot-icon odd ctl-story-right\" data-aos=\"fade-up\"   data-story-index=\"3\" role=\"article\"><!-- Story Date --><div class=\"ctl-labels\"><div class=\"ctl-label-big story-date\">1980<\/div><\/div><!-- Story IconDot --><div class=\"ctl-icondot\"><\/div> <!-- Story Content --><div class=\"ctl-content\"><!-- Story Title --><div class=\"ctl-title story-235\" aria-label=\"2\"><a target=\"_self\" title=\"1980\" href=\"https:\/\/cafecrem.com\/en\/cool_timeline\/1980\/\" class=\"story-link\">1980<\/a><\/div><!-- Story Description --><div class=\"ctl-description\"><p>La f\u00e1brica se traslada de Barcelona a Lli\u00e7\u00e0 de Vall<\/p>\n<\/div><\/div><\/div><!-- Story Year Section --><div data-cls=\"sc-nv-light vertical\" class=\"timeline-year scrollable-section ctl-year ctl-year-container light-year\" data-section-title=\"1992\" id=\"year-1992\"><div class=\"ctl-year-label ctl-year-text\"><span>1992<\/span><\/div><\/div><!-- Timeline Content --><div  id=\"ctl-story-8269\" class=\"ctl-story ctl-story-dot-icon even ctl-story-left\" data-aos=\"fade-up\"   data-story-index=\"4\" role=\"article\"><!-- Story Date --><div class=\"ctl-labels\"><div class=\"ctl-label-big story-date\">1992<\/div><\/div><!-- Story IconDot --><div class=\"ctl-icondot\"><\/div> <!-- Story Content --><div class=\"ctl-content\"><!-- Story Title --><div class=\"ctl-title story-8269\" aria-label=\"2\"><a target=\"_self\" title=\"1992\" href=\"https:\/\/cafecrem.com\/en\/cool_timeline\/1992\/\" class=\"story-link\">1992<\/a><\/div><!-- Story Description --><div class=\"ctl-description\"><p>Lanzamiento Ideal Coffee<br \/>\nPioneros en el 100% Ar\u00e1bica<\/p>\n<\/div><\/div><\/div><!-- Story Year Section --><div data-cls=\"sc-nv-light vertical\" class=\"timeline-year scrollable-section ctl-year ctl-year-container light-year\" data-section-title=\"1995\" id=\"year-1995\"><div class=\"ctl-year-label ctl-year-text\"><span>1995<\/span><\/div><\/div><!-- Timeline Content --><div  id=\"ctl-story-236\" class=\"ctl-story ctl-story-dot-icon odd ctl-story-right\" data-aos=\"fade-up\"   data-story-index=\"5\" role=\"article\"><!-- Story Date --><div class=\"ctl-labels\"><div class=\"ctl-label-big story-date\">1995<\/div><\/div><!-- Story IconDot --><div class=\"ctl-icondot\"><\/div> <!-- Story Content --><div class=\"ctl-content\"><!-- Story Title --><div class=\"ctl-title story-236\" aria-label=\"2\"><a target=\"_self\" title=\"1995\" href=\"https:\/\/cafecrem.com\/en\/cool_timeline\/1995\/\" class=\"story-link\">1995<\/a><\/div><!-- Story Description --><div class=\"ctl-description\"><p>La ampliaci\u00f3n de la f\u00e1brica de Lli\u00e7\u00e0 con un segundo edificio<\/p>\n<\/div><\/div><\/div><!-- Story Year Section --><div data-cls=\"sc-nv-light vertical\" class=\"timeline-year scrollable-section ctl-year ctl-year-container light-year\" data-section-title=\"2000\" id=\"year-2000\"><div class=\"ctl-year-label ctl-year-text\"><span>2000<\/span><\/div><\/div><!-- Timeline Content --><div  id=\"ctl-story-237\" class=\"ctl-story ctl-story-dot-icon even ctl-story-left\" data-aos=\"fade-up\"   data-story-index=\"6\" role=\"article\"><!-- Story Date --><div class=\"ctl-labels\"><div class=\"ctl-label-big story-date\">2000<\/div><\/div><!-- Story IconDot --><div class=\"ctl-icondot\"><\/div> <!-- Story Content --><div class=\"ctl-content\"><!-- Story Title --><div class=\"ctl-title story-237\" aria-label=\"2\"><a target=\"_self\" title=\"2000\" href=\"https:\/\/cafecrem.com\/en\/cool_timeline\/2000\/\" class=\"story-link\">2000<\/a><\/div><!-- Story Description --><div class=\"ctl-description\"><p>CB Grup llega a un acuerdo comercial con Caf\u00e9 Crem<\/p>\n<\/div><\/div><\/div><!-- Story Year Section --><div data-cls=\"sc-nv-light vertical\" class=\"timeline-year scrollable-section ctl-year ctl-year-container light-year\" data-section-title=\"2009\" id=\"year-2009\"><div class=\"ctl-year-label ctl-year-text\"><span>2009<\/span><\/div><\/div><!-- Timeline Content --><div  id=\"ctl-story-238\" class=\"ctl-story ctl-story-dot-icon odd ctl-story-right\" data-aos=\"fade-up\"   data-story-index=\"7\" role=\"article\"><!-- Story Date --><div class=\"ctl-labels\"><div class=\"ctl-label-big story-date\">2009<\/div><\/div><!-- Story IconDot --><div class=\"ctl-icondot\"><\/div> <!-- Story Content --><div class=\"ctl-content\"><!-- Story Title --><div class=\"ctl-title story-238\" aria-label=\"2\"><a target=\"_self\" title=\"2009\" href=\"https:\/\/cafecrem.com\/en\/cool_timeline\/2009\/\" class=\"story-link\">2009<\/a><\/div><!-- Story Description --><div class=\"ctl-description\"><p>CB Grup adquiere todas las marcas de Caf\u00e9 Crem<\/p>\n<\/div><\/div><\/div><!-- Story Year Section --><div data-cls=\"sc-nv-light vertical\" class=\"timeline-year scrollable-section ctl-year ctl-year-container light-year\" data-section-title=\"2015\" id=\"year-2015\"><div class=\"ctl-year-label ctl-year-text\"><span>2015<\/span><\/div><\/div><!-- Timeline Content --><div  id=\"ctl-story-8266\" class=\"ctl-story ctl-story-dot-icon even ctl-story-left\" data-aos=\"fade-up\"   data-story-index=\"8\" role=\"article\"><!-- Story Date --><div class=\"ctl-labels\"><div class=\"ctl-label-big story-date\">2015<\/div><\/div><!-- Story IconDot --><div class=\"ctl-icondot\"><\/div> <!-- Story Content --><div class=\"ctl-content\"><!-- Story Title --><div class=\"ctl-title story-8266\" aria-label=\"2\"><a target=\"_self\" title=\"2015\" href=\"https:\/\/cafecrem.com\/en\/cool_timeline\/2015\/\" class=\"story-link\">2015<\/a><\/div><!-- Story Description --><div class=\"ctl-description\"><p>CB Grup \/ Caf\u00e9 Crem adquiere fincas en Rep\u00fablica Dominicana<\/p>\n<\/div><\/div><\/div><!-- Story Year Section --><div data-cls=\"sc-nv-light vertical\" class=\"timeline-year scrollable-section ctl-year ctl-year-container light-year\" data-section-title=\"2016\" id=\"year-2016\"><div class=\"ctl-year-label ctl-year-text\"><span>2016<\/span><\/div><\/div><!-- Timeline Content --><div  id=\"ctl-story-8268\" class=\"ctl-story ctl-story-dot-icon odd ctl-story-right\" data-aos=\"fade-up\"   data-story-index=\"9\" role=\"article\"><!-- Story Date --><div class=\"ctl-labels\"><div class=\"ctl-label-big story-date\">2016<\/div><\/div><!-- Story IconDot --><div class=\"ctl-icondot\"><\/div> <!-- Story Content --><div class=\"ctl-content\"><!-- Story Title --><div class=\"ctl-title story-8268\" aria-label=\"2\"><a target=\"_self\" title=\"2016\" href=\"https:\/\/cafecrem.com\/en\/cool_timeline\/2016\/\" class=\"story-link\">2016<\/a><\/div><!-- Story Description --><div class=\"ctl-description\"><p>Lanzamiento Caf\u00e9 Mieludo<\/p>\n<\/div><\/div><\/div><!-- Story Year Section --><div data-cls=\"sc-nv-light vertical\" class=\"timeline-year scrollable-section ctl-year ctl-year-container light-year\" data-section-title=\"2019\" id=\"year-2019\"><div class=\"ctl-year-label ctl-year-text\"><span>2019<\/span><\/div><\/div><!-- Timeline Content --><div  id=\"ctl-story-8285\" class=\"ctl-story ctl-story-dot-icon even ctl-story-left\" data-aos=\"fade-up\"   data-story-index=\"10\" role=\"article\"><!-- Story Date --><div class=\"ctl-labels\"><div class=\"ctl-label-big story-date\">2019<\/div><\/div><!-- Story IconDot --><div class=\"ctl-icondot\"><\/div> <!-- Story Content --><div class=\"ctl-content\"><!-- Story Title --><div class=\"ctl-title story-8285\" aria-label=\"2\"><a target=\"_self\" title=\"2019\" href=\"https:\/\/cafecrem.com\/en\/cool_timeline\/2019\/\" class=\"story-link\">2019<\/a><\/div><!-- Story Description --><div class=\"ctl-description\"><div class=\"wpb-content-wrapper\">[vc_row][vc_column][vc_column_text css=&#8221;.vc_custom_1740743522814{margin-bottom: 0px !important;}&#8221;]Aconseguim duplicar la producci\u00f3 de les nostres finques en propietat[\/vc_column_text][\/vc_column][\/vc_row]\n<\/div><\/div><\/div><\/div><!-- Story Year Section --><div data-cls=\"sc-nv-light vertical\" class=\"timeline-year scrollable-section ctl-year ctl-year-container light-year\" data-section-title=\"2020\" id=\"year-2020\"><div class=\"ctl-year-label ctl-year-text\"><span>2020<\/span><\/div><\/div><!-- Timeline Content --><div  id=\"ctl-story-8270\" class=\"ctl-story ctl-story-dot-icon odd ctl-story-right\" data-aos=\"fade-up\"   data-story-index=\"11\" role=\"article\"><!-- Story Date --><div class=\"ctl-labels\"><div class=\"ctl-label-big story-date\">2020<\/div><\/div><!-- Story IconDot --><div class=\"ctl-icondot\"><\/div> <!-- Story Content --><div class=\"ctl-content\"><!-- Story Title --><div class=\"ctl-title story-8270\" aria-label=\"2\"><a target=\"_self\" title=\"2020\" href=\"https:\/\/cafecrem.com\/en\/cool_timeline\/2020\/\" class=\"story-link\">2020<\/a><\/div><!-- Story Description --><div class=\"ctl-description\"><p>Lanzamiento c\u00e1psulas compatibles compostables<\/p>\n<\/div><\/div><\/div>\t\t\t\t\t<\/div>\n\t\t\t\t\t<div class=\"ctl-end\"><\/div>\n\t\t\t\t\t\t\t\t\t<\/div>\n\t\t\t<\/div>\n\t\t\t[\/vc_column_text][\/vc_column][\/vc_row][vc_row][vc_column][vc_empty_space height=&#8221;60px&#8221;][\/vc_column][\/vc_row][vc_row][vc_column][vc_column_text css=&#8221;.vc_custom_1584531747540{margin-bottom: 0px !important;}&#8221;]\n<h2>Philosophy<\/h2>\n[\/vc_column_text][\/vc_column][\/vc_row][vc_row][vc_column][vc_empty_space height=&#8221;30px&#8221;][\/vc_column][\/vc_row][vc_row][vc_column width=&#8221;1\/6&#8243;][vc_single_image image=&#8221;91&#8243; img_size=&#8221;80&#215;80&#8243; alignment=&#8221;center&#8221; css_animation=&#8221;fadeInLeft&#8221;][\/vc_column][vc_column width=&#8221;5\/6&#8243;][vc_column_text css=&#8221;.vc_custom_1588005678698{margin-bottom: 0px !important;}&#8221;]<strong>Botanical species<\/strong><br \/>\nThere are two basic species: Robusta and Arabica. The Arabica variety accounts for 70% of the total world coffee trade. And within them there are different varieties: Bourbon, Mondo Novo, Caturra, etc.<br \/>\nEach species and variety has specific characteristics, requirements and yields. In addition, each one has a level of fragility against plagues such as Roya.[\/vc_column_text][\/vc_column][\/vc_row][vc_row][vc_column][vc_empty_space height=&#8221;20px&#8221;][\/vc_column][\/vc_row][vc_row][vc_column width=&#8221;1\/6&#8243;][vc_single_image image=&#8221;92&#8243; img_size=&#8221;80&#215;80&#8243; alignment=&#8221;center&#8221; css_animation=&#8221;fadeInLeft&#8221;][\/vc_column][vc_column width=&#8221;5\/6&#8243;][vc_column_text css=&#8221;.vc_custom_1588005687536{margin-bottom: 0px !important;}&#8221;]<strong>Altitude of plantation<\/strong><br \/>\nEach species and variety is best adapted to specific altitude ranges. The correct development of the plant depends to a great extent on the altitude factor.[\/vc_column_text][\/vc_column][\/vc_row][vc_row][vc_column][vc_empty_space height=&#8221;20px&#8221;][\/vc_column][\/vc_row][vc_row][vc_column width=&#8221;1\/6&#8243;][vc_single_image image=&#8221;93&#8243; img_size=&#8221;80&#215;80&#8243; alignment=&#8221;center&#8221; css_animation=&#8221;fadeInLeft&#8221;][\/vc_column][vc_column width=&#8221;5\/6&#8243;][vc_column_text css=&#8221;.vc_custom_1588005694542{margin-bottom: 0px !important;}&#8221;]<strong>Climatic factors<br \/>\n<\/strong>The same applies to factors such as rainfall, maximum and minimum temperatures, wind, etc. Alterations in the usual humidity levels, for example, can substantially modify the characteristics of the fruit. The climate factor must be closely monitored in order to take corrective measures in the event of unexpected changes.[\/vc_column_text][\/vc_column][\/vc_row][vc_row][vc_column][vc_empty_space height=&#8221;20px&#8221;][\/vc_column][\/vc_row][vc_row][vc_column width=&#8221;1\/6&#8243;][vc_single_image image=&#8221;94&#8243; img_size=&#8221;80&#215;80&#8243; alignment=&#8221;center&#8221; css_animation=&#8221;fadeInLeft&#8221;][\/vc_column][vc_column width=&#8221;5\/6&#8243;][vc_column_text css=&#8221;.vc_custom_1588005700526{margin-bottom: 0px !important;}&#8221;]<strong>Edaphological conditions of the soil<br \/>\n<\/strong>Factors such as relief, the composition of the parent rock, organic and inorganic materials and a long etcetera. In our farms in the Dominican Republic, for example, the limestone bedrock, the PH and the organic matter act together with a shaded agrosystem, which makes the coffee ecosystem of the region unique, as well as the organoleptic qualities of the coffee.[\/vc_column_text][\/vc_column][\/vc_row][vc_row][vc_column][vc_empty_space height=&#8221;20px&#8221;][\/vc_column][\/vc_row][vc_row][vc_column width=&#8221;1\/6&#8243;][vc_single_image image=&#8221;8271&#8243; img_size=&#8221;80&#215;80&#8243; alignment=&#8221;center&#8221; css_animation=&#8221;fadeInLeft&#8221;][\/vc_column][vc_column width=&#8221;5\/6&#8243;][vc_column_text css=&#8221;.vc_custom_1588005707167{margin-bottom: 0px !important;}&#8221;]<strong>Coffee growing habits<br \/>\n<\/strong>Cultivation habits are very important: when to harvest, under what conditions, type of irrigation of the farm, number of plants (coffee trees) per hectare, insolation of the plantation, type of harvesting, &#8230;[\/vc_column_text][\/vc_column][\/vc_row][vc_row][vc_column][vc_empty_space height=&#8221;20px&#8221;][\/vc_column][\/vc_row][vc_row][vc_column][vc_column_text css=&#8221;.vc_custom_1584532064290{margin-bottom: 0px !important;}&#8221;]\n<p style=\"text-align: center;\">There are many factors to take into account, but the stability of this profile can only be achieved by perfectly controlling the 5 parameters, and the best way to do this is to be present \u201cin situ\u201d on the farm, at the foot of the plantation, supervising them.<\/p>\n<p style=\"text-align: center;\">In addition, being present on the farm allows us to supervise the living and working conditions of the workers, ensuring that they are correct.<\/p>\n[\/vc_column_text][\/vc_column][\/vc_row][vc_row][vc_column][vc_empty_space height=&#8221;60px&#8221;][\/vc_column][\/vc_row][vc_row disable_element=&#8221;yes&#8221;][vc_column][vc_column_text css=&#8221;.vc_custom_1586458870602{margin-bottom: 0px !important;}&#8221;]\n<p style=\"text-align: center;\">Here is a link to the different farms where we get green coffee. This link is the FINCAS section of the old website.<\/p>\n<p>https:\/\/cafecre.com\/fincas\/[\/vc_column_text][\/vc_column][\/vc_row][vc_row][vc_column][vc_empty_space][\/vc_column][\/vc_row][vc_row][vc_column][vc_column_text css=&#8221;.vc_custom_1586458787893{margin-bottom: 0px !important;}&#8221;]\n<h2>Our Farms<\/h2>\n[\/vc_column_text][vc_gmaps link=&#8221;#E-8_JTNDaWZyYW1lJTIwc3JjJTNEJTIyaHR0cHMlM0ElMkYlMkZ3d3cuZ29vZ2xlLmNvbSUyRm1hcHMlMkZkJTJGZW1iZWQlM0ZtaWQlM0QxSkhvSFd0Y0Q2eklqMGFXdGJ5RUlOQlRHcHhrbEtjUjclMjIlMjB3aWR0aCUzRCUyMjY0MCUyMiUyMGhlaWdodCUzRCUyMjQ4MCUyMiUzRSUzQyUyRmlmcmFtZSUzRQ==&#8221;][\/vc_column][\/vc_row]\n<\/div>","protected":false},"excerpt":{"rendered":"<p>[vc_row css=&#8221;.vc_custom_1740755779814{margin-top: -90px !important;}&#8221;][vc_column css=&#8221;.vc_custom_1740755789990{margin-top: -100px !important;}&#8221;][\/vc_column][\/vc_row][vc_row][vc_column][vc_empty_space height=&#8221;60px&#8221;][\/vc_column][\/vc_row][vc_row][vc_column][vc_column_text css=&#8221;.vc_custom_1591359830309{margin-bottom: 0px !important;}&#8221;] What is the secret of Caf\u00e9 Crem? [\/vc_column_text][\/vc_column][\/vc_row][vc_row][vc_column][vc_empty_space height=&#8221;40px&#8221;][\/vc_column][\/vc_row][vc_row][vc_column width=&#8221;1\/2&#8243;][vc_column_text css=&#8221;.vc_custom_1591359710177{margin-bottom: 0px !important;}&#8221;] The selection of coffee from the farms of origin. While other brands buy green coffee from intermediaries or, at most, at the shipping ports in the countries of origin, Caf\u00e9 Crem [&hellip;]<\/p>\n","protected":false},"author":1,"featured_media":0,"parent":0,"menu_order":0,"comment_status":"closed","ping_status":"closed","template":"","meta":{"inline_featured_image":false,"footnotes":""},"class_list":["post-11265","page","type-page","status-publish","hentry"],"_links":{"self":[{"href":"https:\/\/cafecrem.com\/en\/wp-json\/wp\/v2\/pages\/11265","targetHints":{"allow":["GET"]}}],"collection":[{"href":"https:\/\/cafecrem.com\/en\/wp-json\/wp\/v2\/pages"}],"about":[{"href":"https:\/\/cafecrem.com\/en\/wp-json\/wp\/v2\/types\/page"}],"author":[{"embeddable":true,"href":"https:\/\/cafecrem.com\/en\/wp-json\/wp\/v2\/users\/1"}],"replies":[{"embeddable":true,"href":"https:\/\/cafecrem.com\/en\/wp-json\/wp\/v2\/comments?post=11265"}],"version-history":[{"count":2,"href":"https:\/\/cafecrem.com\/en\/wp-json\/wp\/v2\/pages\/11265\/revisions"}],"predecessor-version":[{"id":11340,"href":"https:\/\/cafecrem.com\/en\/wp-json\/wp\/v2\/pages\/11265\/revisions\/11340"}],"wp:attachment":[{"href":"https:\/\/cafecrem.com\/en\/wp-json\/wp\/v2\/media?parent=11265"}],"curies":[{"name":"wp","href":"https:\/\/api.w.org\/{rel}","templated":true}]}}